{"id":532,"date":"2023-02-21T18:07:19","date_gmt":"2023-02-21T18:07:19","guid":{"rendered":"http:\/\/remaendustri.com\/?page_id=532"},"modified":"2023-02-26T13:34:29","modified_gmt":"2023-02-26T13:34:29","slug":"polyester-lifli-kompozit-cember","status":"publish","type":"page","link":"https:\/\/remaendustri.com\/?page_id=532","title":{"rendered":"Polyester Lifli Kompozit \u00c7ember"},"content":{"rendered":"<div class=\"wp-block-image\">\n<figure class=\"aligncenter size-large is-resized\"><img decoding=\"async\" loading=\"lazy\" src=\"http:\/\/remaendustri.com\/wp-content\/uploads\/2023\/02\/kompozitcember2-1024x717.png\" alt=\"\" class=\"wp-image-534\" width=\"909\" height=\"636\" srcset=\"https:\/\/remaendustri.com\/wp-content\/uploads\/2023\/02\/kompozitcember2-1024x717.png 1024w, https:\/\/remaendustri.com\/wp-content\/uploads\/2023\/02\/kompozitcember2-300x210.png 300w, https:\/\/remaendustri.com\/wp-content\/uploads\/2023\/02\/kompozitcember2-768x538.png 768w, https:\/\/remaendustri.com\/wp-content\/uploads\/2023\/02\/kompozitcember2-86x60.png 86w, https:\/\/remaendustri.com\/wp-content\/uploads\/2023\/02\/kompozitcember2-166x116.png 166w, https:\/\/remaendustri.com\/wp-content\/uploads\/2023\/02\/kompozitcember2.png 1094w\" sizes=\"(max-width: 909px) 100vw, 909px\" \/><\/figure><\/div>\n\n\n<p><strong>Kompozit \u00e7emberler<\/strong>, palet y\u00fcklemesinde ve a\u011f\u0131r y\u00fcklerde en \u00e7ok tercih edilen \u00e7emberdir. Polyester iplikleri sayesinde, darbelere ve kopmalara kar\u015f\u0131 dayan\u0131kl\u0131 ve toleransl\u0131d\u0131r. Genellikle mermer, cam, \u00e7elik ve benzeri end\u00fcstrilerde tercih edilir. &nbsp;<\/p>\n\n\n\n<ul>\n<li>\u00c7emberlerin uzama ve elastik haf\u0131za \u00f6zellikleri, \u00e7emberin uyguland\u0131\u011f\u0131 y\u00fczeyde her zaman gergin kalmas\u0131n\u0131 sa\u011flar, gev\u015feme yapmaz.<\/li>\n\n\n\n<li>Sert olma \u00f6zelli\u011fi sayesinde, kullan\u0131m s\u0131ras\u0131nda paletlerin ve y\u00fcklerin alt\u0131ndan rahat\u00e7a ge\u00e7irilir.<\/li>\n\n\n\n<li>Esnek plastik malzemeden \u00fcretildi\u011fi i\u00e7in uygulama s\u0131ras\u0131nda paketlenen \u00fcr\u00fcnlerin ve paletlerin y\u00fczeyini \u00e7izmez, k\u00f6\u015felerine zarar vermez, paslanmaz ve dolay\u0131s\u0131yla \u00fcr\u00fcnlerde leke yapmaz.<\/li>\n\n\n\n<li>Hafif olmas\u0131 kullan\u0131mda pratiklik sa\u011flar. Eldiven gerektirmez ve kaza riski i\u00e7ermez, g\u00fcvenilirdir.<\/li>\n\n\n\n<li>Polyester Lifli \u00c7emberler, ta\u015f\u0131ma s\u00fcresi i\u00e7erisinde meydana gelebilecek \u00e7arpma ve darbelerden olu\u015fan kuvvetleri absorbe eder ve kopmaz.<\/li>\n\n\n\n<li>Her t\u00fcrl\u00fc hava ko\u015fullar\u0131na dayan\u0131kl\u0131d\u0131r, \u015feklini ve gerginli\u011fini korur. Is\u0131ya, g\u00fcne\u015f \u0131\u015f\u0131nlar\u0131na (UV) ve neme dayan\u0131kl\u0131d\u0131r.&nbsp;(Is\u0131 Dayan\u0131kl\u0131l\u0131k Aral\u0131\u011f\u0131:-5\u00b0C\/120\u00b0 C )<\/li>\n\n\n\n<li>A\u011f\u0131r y\u00fck ve paletli ambalajlamada en \u00e7ok tercih edilen plastik \u00e7ember \u00e7e\u015fididir.<\/li>\n<\/ul>\n\n\n\n<h2>Kompozit Lifli \u00c7ember Nerede Kullan\u0131l\u0131r?<\/h2>\n\n\n\n<p>\u00c7emberler, perakendeden otomotive, sanayinin bir\u00e7ok alan\u0131nda kullan\u0131lan \u00f6nemli \u00fcr\u00fcnler i\u00e7indedir. Ambalaj \u00e7\u00f6z\u00fcmlerinde, \u00fcr\u00fcnlerin hem depolama, hem de nakliye ve y\u00fckleme s\u00fcre\u00e7lerinde bir arada kalmas\u0131, istiflenmesi i\u00e7in tercih edilen \u00e7ember \u00fcr\u00fcnlerinin sekt\u00f6rel bazda geni\u015f bir kullan\u0131m alan\u0131 vard\u0131r. Kompozit lifli \u00e7emberler, ekonomik bir \u00e7\u00f6z\u00fcm sunmas\u0131n\u0131n yan\u0131nda, y\u00fcksek kopma mukavemetine sahip olmas\u0131 ve hafif bir yap\u0131da olmas\u0131 ile tercih edilen bir alternatiftir.&nbsp;<\/p>\n\n\n\n<p>Kompozit lifli \u00e7ember \u00fcr\u00fcnlerinin kullan\u0131ld\u0131\u011f\u0131 sekt\u00f6rler i\u00e7inde, perakende ve kimya sekt\u00f6r\u00fcn\u00fcn yan\u0131 s\u0131ra maden, in\u015faat, tekstil, ka\u011f\u0131t, beyaz e\u015fya, orman ve demir-\u00e7elik-metal sekt\u00f6r\u00fc yer almaktad\u0131r. Bunlara ek olarak, otomotiv sekt\u00f6r\u00fcnde de kompozit lifli \u00e7emberler yayg\u0131n olarak tercih edilmektedir. Y\u00fcksek mukavemet kapasitesi ile, di\u011fer \u00e7ember t\u00fcrlerine g\u00f6re \u00f6ne \u00e7\u0131kan kompozit lifli \u00e7ember, 2 tonun \u00fczerindeki mukavemeti ile a\u011f\u0131r sanayi alan\u0131nda faaliyet g\u00f6steren \u015firketler taraf\u0131ndan da tercih edilmektedir.&nbsp;<\/p>\n\n\n\n<p>Genel olarak; Aluminyum ve cephe sistemleri, kimya sanayi, cam sanayi, ta\u015f ve tu\u011fla end\u00fcstrisi, metal sekt\u00f6r\u00fc, a\u011fa\u00e7 \u00fcr\u00fcnleri ve ah\u015fap sanayi, koli ambalaj sekt\u00f6rlerinde kullan\u0131lmaktad\u0131r.<\/p>\n\n\n\n<p><\/p>\n\n\n\n<p><\/p>\n\n\n\n<figure class=\"wp-block-image size-full is-resized\"><img decoding=\"async\" loading=\"lazy\" src=\"http:\/\/remaendustri.com\/wp-content\/uploads\/2023\/02\/kompozitcember3.jpg\" alt=\"\" class=\"wp-image-535\" width=\"844\" height=\"296\" srcset=\"https:\/\/remaendustri.com\/wp-content\/uploads\/2023\/02\/kompozitcember3.jpg 770w, https:\/\/remaendustri.com\/wp-content\/uploads\/2023\/02\/kompozitcember3-300x105.jpg 300w, https:\/\/remaendustri.com\/wp-content\/uploads\/2023\/02\/kompozitcember3-768x269.jpg 768w, https:\/\/remaendustri.com\/wp-content\/uploads\/2023\/02\/kompozitcember3-171x60.jpg 171w, https:\/\/remaendustri.com\/wp-content\/uploads\/2023\/02\/kompozitcember3-228x80.jpg 228w\" sizes=\"(max-width: 844px) 100vw, 844px\" \/><\/figure>\n\n\n\n<p><\/p>\n\n\n\n<h2>Kompozit Lifli \u00c7ember Al\u0131rken Nelere Dikkat Edilmelidir?<\/h2>\n\n\n\n<p>Kompozit lifli \u00e7ember, y\u00fcksek ta\u015f\u0131ma kapasitesi, do\u011fa dostu ve ekonomik bir \u00e7ember malzemesi olmas\u0131 bak\u0131m\u0131ndan \u00e7ok tercih edilen bir \u00e7emberleme \u00fcr\u00fcn\u00fcd\u00fcr. Kompozit lifli \u00e7emberlerin se\u00e7iminde ise, dikkat edilecek konular s\u00f6z konusudur. \u0130n\u015faat, otomotiv, ithalat, ta\u015f\u0131mac\u0131l\u0131k gibi bir\u00e7ok farkl\u0131 alanda kullan\u0131lan <strong>kompozit lifli \u00e7ember 16mm <\/strong>gibi se\u00e7enekler bar\u0131nd\u0131rmaktad\u0131r.&nbsp;<\/p>\n\n\n\n<p>Kompozit lifli \u00e7ember sat\u0131n al\u0131rken en \u00e7ok dikkat edilmesi gereken konu, ilgili malzemenin a\u011f\u0131rl\u0131\u011f\u0131na uygun bir \u00e7ember tercih etmektir. Farkl\u0131 mikron seviyelerinde kal\u0131nl\u0131klara sahip olan kompozit lifli \u00e7emberler, 200 kilograml\u0131k malzemelerden, 2 tonun \u00fczerine kadar farkl\u0131 aral\u0131klardaki y\u00fckler i\u00e7in kullan\u0131lmaktad\u0131r. Bu nedenle, ihtiya\u00e7 duyulan malzemenin a\u011f\u0131rl\u0131\u011f\u0131 baz al\u0131narak, uygun mukavemet seviyesine sahip kompozit lifli \u00e7ember tercih edilmelidir.&nbsp;<\/p>\n\n\n\n<ul>\n<li>13 milimetre kal\u0131nl\u0131\u011f\u0131ndaki kompozit \u00e7ember, 300 kilogram a\u011f\u0131rl\u0131\u011f\u0131ndaki y\u00fckler i\u00e7in uygundur.<\/li>\n\n\n\n<li>16 milimetre kal\u0131nl\u0131\u011f\u0131ndaki kompozit \u00e7ember, 600 kilogram a\u011f\u0131rl\u0131\u011f\u0131ndaki y\u00fckler i\u00e7in uygundur.<\/li>\n\n\n\n<li>25 milimetre kal\u0131nl\u0131\u011f\u0131ndaki kompozit \u00e7ember, 1 ton ve \u00fcst\u00fc y\u00fckler i\u00e7in uygundur.<\/li>\n<\/ul>\n\n\n\n<p>Kompozit lifli \u00e7ember ile yap\u0131lan \u00e7emberleme uygulamalar\u0131nda, malzemelerin ideal gerginlik seviyesine sahip olmas\u0131 \u00f6nemlidir. Bu anlamda, \u00e7ember germe makinas\u0131 kompozit lifli \u00e7emberlerin kullan\u0131m\u0131nda ihtiya\u00e7 duyulan bir ara\u00e7t\u0131r. \u00c7emberleme s\u00fcrecinde, toka kullan\u0131m\u0131 \u00e7emberlemenin sorunsuz bir \u015fekilde sonu\u00e7lanmas\u0131 ad\u0131na \u00f6nemlidir. Bu nedenle bukle ve klips toka gibi yard\u0131mc\u0131 ara\u00e7lar da \u00e7emberleme i\u015fleminde tercih edilmesi gereken malzemeler i\u00e7indedir.<\/p>\n\n\n\n<p><strong>Kullan\u0131m Kolayl\u0131k ve Avantajlar\u0131<\/strong><\/p>\n\n\n\n<p>Kullan\u0131m\u0131 kolayd\u0131r.<br>T\u00fcm hava ko\u015fullar\u0131na dayan\u0131kl\u0131d\u0131r.<br>D\u00fc\u015f\u00fck maliyetli el aletleri ile uygulanabilir.<br>Hassas ambalajlama i\u00e7in uygundur.<br>Y\u00fcksek derz verimlili\u011fi sa\u011flar.<br>M\u00fckemmel uzama ve elastik haf\u0131zaya sahiptir.<\/p>\n\n\n\n<h2><strong>Otomatik \u00c7ember Makineleri<\/strong><\/h2>\n\n\n<div class=\"wp-block-image\">\n<figure class=\"aligncenter size-large is-resized\"><img decoding=\"async\" loading=\"lazy\" src=\"http:\/\/remaendustri.com\/wp-content\/uploads\/2023\/02\/strecmachine-1024x714.png\" alt=\"\" class=\"wp-image-597\" width=\"915\" height=\"637\" srcset=\"https:\/\/remaendustri.com\/wp-content\/uploads\/2023\/02\/strecmachine-1024x714.png 1024w, https:\/\/remaendustri.com\/wp-content\/uploads\/2023\/02\/strecmachine-300x209.png 300w, https:\/\/remaendustri.com\/wp-content\/uploads\/2023\/02\/strecmachine-768x535.png 768w, https:\/\/remaendustri.com\/wp-content\/uploads\/2023\/02\/strecmachine-86x60.png 86w, https:\/\/remaendustri.com\/wp-content\/uploads\/2023\/02\/strecmachine-166x116.png 166w, https:\/\/remaendustri.com\/wp-content\/uploads\/2023\/02\/strecmachine.png 1215w\" sizes=\"(max-width: 915px) 100vw, 915px\" \/><\/figure><\/div>\n\n\n<p><br>Sar\u0131m alan\u0131na operat\u00f6r taraf\u0131ndan getirilen \u00fcr\u00fcnleri stre\u00e7 kolunun sabit oldu\u011fu a\u00e7\u0131c\u0131 kafan\u0131n dikey eksende hareket ederken tabla ile birlikte \u00fcr\u00fcnlerin d\u00f6nd\u00fcr\u00fclerek stre\u00e7lendi\u011fi stre\u00e7 sarma makine \u00e7e\u015fitlerinden biridir. <\/p>\n\n\n\n<p>\u00c7al\u0131\u015fma Sistemi, i\u015fletme i\u00e7erisinde en uygun noktaya monte edilir. \u2013 Sar\u0131lacak palet operat\u00f6r tarf\u0131ndan forklift veya transpalet kullan\u0131larak makine platformuna konulur. \u2013 Paletin alt k\u0131sm\u0131na stre\u00e7 manuel olarak tutturulur ve start butonuna bas\u0131l\u0131r. \u2013 Alttan ba\u015flayan sar\u0131m \u00fcste kadar devam eder ve tekrar alta iner \u2013 Sar\u0131m i\u015flemi stre\u00e7 manuel olarak kopart\u0131l\u0131r ve palet forklift veya tanspalet yard\u0131m\u0131 ile d\u0131\u015far\u0131 \u00e7\u0131kar\u0131l\u0131r.<\/p>\n\n\n\n<p>Polyester \u00e7ember \u00fcretiminde kullan\u0131lan makina teminini de sa\u011flamaktay\u0131z. <\/p>\n","protected":false},"excerpt":{"rendered":"<p>Kompozit \u00e7emberler, palet y\u00fcklemesinde ve a\u011f\u0131r y\u00fcklerde en \u00e7ok tercih edilen \u00e7emberdir. Polyester iplikleri sayesinde, darbelere ve kopmalara kar\u015f\u0131 dayan\u0131kl\u0131 ve toleransl\u0131d\u0131r. Genellikle mermer, cam, \u00e7elik ve benzeri end\u00fcstrilerde tercih edilir. &nbsp; Kompozit Lifli \u00c7ember Nerede Kullan\u0131l\u0131r? \u00c7emberler, perakendeden otomotive, sanayinin bir\u00e7ok alan\u0131nda kullan\u0131lan \u00f6nemli \u00fcr\u00fcnler i\u00e7indedir. Ambalaj \u00e7\u00f6z\u00fcmlerinde, \u00fcr\u00fcnlerin hem depolama, hem de nakliye &hellip; <\/p>\n","protected":false},"author":1,"featured_media":0,"parent":0,"menu_order":0,"comment_status":"closed","ping_status":"closed","template":"","meta":{"om_disable_all_campaigns":false,"_monsterinsights_skip_tracking":false,"_monsterinsights_sitenote_active":false,"_monsterinsights_sitenote_note":"","_monsterinsights_sitenote_category":0},"yoast_head":"<!-- This site is optimized with the Yoast SEO plugin v20.2.1 - https:\/\/yoast.com\/wordpress\/plugins\/seo\/ -->\n<title>Polyester Lifli Kompozit \u00c7ember -<\/title>\n<meta name=\"robots\" content=\"index, follow, max-snippet:-1, max-image-preview:large, max-video-preview:-1\" \/>\n<link rel=\"canonical\" href=\"https:\/\/remaendustri.com\/?page_id=532\" \/>\n<meta property=\"og:locale\" content=\"tr_TR\" \/>\n<meta property=\"og:type\" content=\"article\" \/>\n<meta property=\"og:title\" content=\"Polyester Lifli Kompozit \u00c7ember -\" \/>\n<meta property=\"og:description\" content=\"Kompozit \u00e7emberler, palet y\u00fcklemesinde ve a\u011f\u0131r y\u00fcklerde en \u00e7ok tercih edilen \u00e7emberdir. Polyester iplikleri sayesinde, darbelere ve kopmalara kar\u015f\u0131 dayan\u0131kl\u0131 ve toleransl\u0131d\u0131r. Genellikle mermer, cam, \u00e7elik ve benzeri end\u00fcstrilerde tercih edilir. &nbsp; Kompozit Lifli \u00c7ember Nerede Kullan\u0131l\u0131r? \u00c7emberler, perakendeden otomotive, sanayinin bir\u00e7ok alan\u0131nda kullan\u0131lan \u00f6nemli \u00fcr\u00fcnler i\u00e7indedir. Ambalaj \u00e7\u00f6z\u00fcmlerinde, \u00fcr\u00fcnlerin hem depolama, hem de nakliye &hellip;\" \/>\n<meta property=\"og:url\" content=\"https:\/\/remaendustri.com\/?page_id=532\" \/>\n<meta property=\"article:modified_time\" content=\"2023-02-26T13:34:29+00:00\" \/>\n<meta property=\"og:image\" content=\"http:\/\/remaendustri.com\/wp-content\/uploads\/2023\/02\/kompozitcember2-1024x717.png\" \/>\n<meta name=\"twitter:card\" content=\"summary_large_image\" \/>\n<meta name=\"twitter:label1\" content=\"Tahmini okuma s\u00fcresi\" \/>\n\t<meta name=\"twitter:data1\" content=\"4 dakika\" \/>\n<script type=\"application\/ld+json\" class=\"yoast-schema-graph\">{\"@context\":\"https:\/\/schema.org\",\"@graph\":[{\"@type\":\"WebPage\",\"@id\":\"https:\/\/remaendustri.com\/?page_id=532\",\"url\":\"https:\/\/remaendustri.com\/?page_id=532\",\"name\":\"Polyester Lifli Kompozit \u00c7ember -\",\"isPartOf\":{\"@id\":\"https:\/\/remaendustri.com\/#website\"},\"datePublished\":\"2023-02-21T18:07:19+00:00\",\"dateModified\":\"2023-02-26T13:34:29+00:00\",\"breadcrumb\":{\"@id\":\"https:\/\/remaendustri.com\/?page_id=532#breadcrumb\"},\"inLanguage\":\"tr\",\"potentialAction\":[{\"@type\":\"ReadAction\",\"target\":[\"https:\/\/remaendustri.com\/?page_id=532\"]}]},{\"@type\":\"BreadcrumbList\",\"@id\":\"https:\/\/remaendustri.com\/?page_id=532#breadcrumb\",\"itemListElement\":[{\"@type\":\"ListItem\",\"position\":1,\"name\":\"Anasayfa\",\"item\":\"https:\/\/remaendustri.com\/\"},{\"@type\":\"ListItem\",\"position\":2,\"name\":\"Polyester Lifli Kompozit \u00c7ember\"}]},{\"@type\":\"WebSite\",\"@id\":\"https:\/\/remaendustri.com\/#website\",\"url\":\"https:\/\/remaendustri.com\/\",\"name\":\"http:\/\/remaendustri.com\/\",\"description\":\"\",\"publisher\":{\"@id\":\"https:\/\/remaendustri.com\/#organization\"},\"potentialAction\":[{\"@type\":\"SearchAction\",\"target\":{\"@type\":\"EntryPoint\",\"urlTemplate\":\"https:\/\/remaendustri.com\/?s={search_term_string}\"},\"query-input\":\"required name=search_term_string\"}],\"inLanguage\":\"tr\"},{\"@type\":\"Organization\",\"@id\":\"https:\/\/remaendustri.com\/#organization\",\"name\":\"http:\/\/remaendustri.com\/\",\"url\":\"https:\/\/remaendustri.com\/\",\"logo\":{\"@type\":\"ImageObject\",\"inLanguage\":\"tr\",\"@id\":\"https:\/\/remaendustri.com\/#\/schema\/logo\/image\/\",\"url\":\"http:\/\/remaendustri.com\/wp-content\/uploads\/2023\/02\/cropped-remalogo.jpg\",\"contentUrl\":\"http:\/\/remaendustri.com\/wp-content\/uploads\/2023\/02\/cropped-remalogo.jpg\",\"width\":1600,\"height\":1599,\"caption\":\"http:\/\/remaendustri.com\/\"},\"image\":{\"@id\":\"https:\/\/remaendustri.com\/#\/schema\/logo\/image\/\"},\"sameAs\":[\"https:\/\/www.instagram.com\/rema.endustri\/\",\"https:\/\/www.trendyol.com\/magaza\/rema-endustri-ic-ve-dis-tic-ltd-sti-m-649742?sst=0\"]}]}<\/script>\n<!-- \/ Yoast SEO plugin. -->","yoast_head_json":{"title":"Polyester Lifli Kompozit \u00c7ember -","robots":{"index":"index","follow":"follow","max-snippet":"max-snippet:-1","max-image-preview":"max-image-preview:large","max-video-preview":"max-video-preview:-1"},"canonical":"https:\/\/remaendustri.com\/?page_id=532","og_locale":"tr_TR","og_type":"article","og_title":"Polyester Lifli Kompozit \u00c7ember -","og_description":"Kompozit \u00e7emberler, palet y\u00fcklemesinde ve a\u011f\u0131r y\u00fcklerde en \u00e7ok tercih edilen \u00e7emberdir. Polyester iplikleri sayesinde, darbelere ve kopmalara kar\u015f\u0131 dayan\u0131kl\u0131 ve toleransl\u0131d\u0131r. Genellikle mermer, cam, \u00e7elik ve benzeri end\u00fcstrilerde tercih edilir. &nbsp; Kompozit Lifli \u00c7ember Nerede Kullan\u0131l\u0131r? \u00c7emberler, perakendeden otomotive, sanayinin bir\u00e7ok alan\u0131nda kullan\u0131lan \u00f6nemli \u00fcr\u00fcnler i\u00e7indedir. Ambalaj \u00e7\u00f6z\u00fcmlerinde, \u00fcr\u00fcnlerin hem depolama, hem de nakliye &hellip;","og_url":"https:\/\/remaendustri.com\/?page_id=532","article_modified_time":"2023-02-26T13:34:29+00:00","og_image":[{"url":"http:\/\/remaendustri.com\/wp-content\/uploads\/2023\/02\/kompozitcember2-1024x717.png"}],"twitter_card":"summary_large_image","twitter_misc":{"Tahmini okuma s\u00fcresi":"4 dakika"},"schema":{"@context":"https:\/\/schema.org","@graph":[{"@type":"WebPage","@id":"https:\/\/remaendustri.com\/?page_id=532","url":"https:\/\/remaendustri.com\/?page_id=532","name":"Polyester Lifli Kompozit \u00c7ember -","isPartOf":{"@id":"https:\/\/remaendustri.com\/#website"},"datePublished":"2023-02-21T18:07:19+00:00","dateModified":"2023-02-26T13:34:29+00:00","breadcrumb":{"@id":"https:\/\/remaendustri.com\/?page_id=532#breadcrumb"},"inLanguage":"tr","potentialAction":[{"@type":"ReadAction","target":["https:\/\/remaendustri.com\/?page_id=532"]}]},{"@type":"BreadcrumbList","@id":"https:\/\/remaendustri.com\/?page_id=532#breadcrumb","itemListElement":[{"@type":"ListItem","position":1,"name":"Anasayfa","item":"https:\/\/remaendustri.com\/"},{"@type":"ListItem","position":2,"name":"Polyester Lifli Kompozit \u00c7ember"}]},{"@type":"WebSite","@id":"https:\/\/remaendustri.com\/#website","url":"https:\/\/remaendustri.com\/","name":"http:\/\/remaendustri.com\/","description":"","publisher":{"@id":"https:\/\/remaendustri.com\/#organization"},"potentialAction":[{"@type":"SearchAction","target":{"@type":"EntryPoint","urlTemplate":"https:\/\/remaendustri.com\/?s={search_term_string}"},"query-input":"required name=search_term_string"}],"inLanguage":"tr"},{"@type":"Organization","@id":"https:\/\/remaendustri.com\/#organization","name":"http:\/\/remaendustri.com\/","url":"https:\/\/remaendustri.com\/","logo":{"@type":"ImageObject","inLanguage":"tr","@id":"https:\/\/remaendustri.com\/#\/schema\/logo\/image\/","url":"http:\/\/remaendustri.com\/wp-content\/uploads\/2023\/02\/cropped-remalogo.jpg","contentUrl":"http:\/\/remaendustri.com\/wp-content\/uploads\/2023\/02\/cropped-remalogo.jpg","width":1600,"height":1599,"caption":"http:\/\/remaendustri.com\/"},"image":{"@id":"https:\/\/remaendustri.com\/#\/schema\/logo\/image\/"},"sameAs":["https:\/\/www.instagram.com\/rema.endustri\/","https:\/\/www.trendyol.com\/magaza\/rema-endustri-ic-ve-dis-tic-ltd-sti-m-649742?sst=0"]}]}},"_links":{"self":[{"href":"https:\/\/remaendustri.com\/index.php?rest_route=\/wp\/v2\/pages\/532"}],"collection":[{"href":"https:\/\/remaendustri.com\/index.php?rest_route=\/wp\/v2\/pages"}],"about":[{"href":"https:\/\/remaendustri.com\/index.php?rest_route=\/wp\/v2\/types\/page"}],"author":[{"embeddable":true,"href":"https:\/\/remaendustri.com\/index.php?rest_route=\/wp\/v2\/users\/1"}],"replies":[{"embeddable":true,"href":"https:\/\/remaendustri.com\/index.php?rest_route=%2Fwp%2Fv2%2Fcomments&post=532"}],"version-history":[{"count":6,"href":"https:\/\/remaendustri.com\/index.php?rest_route=\/wp\/v2\/pages\/532\/revisions"}],"predecessor-version":[{"id":598,"href":"https:\/\/remaendustri.com\/index.php?rest_route=\/wp\/v2\/pages\/532\/revisions\/598"}],"wp:attachment":[{"href":"https:\/\/remaendustri.com\/index.php?rest_route=%2Fwp%2Fv2%2Fmedia&parent=532"}],"curies":[{"name":"wp","href":"https:\/\/api.w.org\/{rel}","templated":true}]}}