{"id":151,"date":"2023-02-18T23:59:45","date_gmt":"2023-02-18T23:59:45","guid":{"rendered":"http:\/\/remaendustri.com\/?page_id=151"},"modified":"2023-02-22T13:26:40","modified_gmt":"2023-02-22T13:26:40","slug":"deprem-guvenligi","status":"publish","type":"page","link":"https:\/\/remaendustri.com\/?page_id=151","title":{"rendered":"Deprem G\u00fcvenli\u011fi"},"content":{"rendered":"\n<figure class=\"wp-block-image size-full is-resized\"><img decoding=\"async\" loading=\"lazy\" src=\"http:\/\/remaendustri.com\/wp-content\/uploads\/2023\/02\/cracked-wall-of-house-destroyed-during-strong-eart-2022-06-03-00-39-28-utc-scaled-800x334-1.jpg\" alt=\"\" class=\"wp-image-568\" width=\"906\" height=\"378\" srcset=\"https:\/\/remaendustri.com\/wp-content\/uploads\/2023\/02\/cracked-wall-of-house-destroyed-during-strong-eart-2022-06-03-00-39-28-utc-scaled-800x334-1.jpg 800w, https:\/\/remaendustri.com\/wp-content\/uploads\/2023\/02\/cracked-wall-of-house-destroyed-during-strong-eart-2022-06-03-00-39-28-utc-scaled-800x334-1-300x125.jpg 300w, https:\/\/remaendustri.com\/wp-content\/uploads\/2023\/02\/cracked-wall-of-house-destroyed-during-strong-eart-2022-06-03-00-39-28-utc-scaled-800x334-1-768x321.jpg 768w, https:\/\/remaendustri.com\/wp-content\/uploads\/2023\/02\/cracked-wall-of-house-destroyed-during-strong-eart-2022-06-03-00-39-28-utc-scaled-800x334-1-144x60.jpg 144w, https:\/\/remaendustri.com\/wp-content\/uploads\/2023\/02\/cracked-wall-of-house-destroyed-during-strong-eart-2022-06-03-00-39-28-utc-scaled-800x334-1-228x95.jpg 228w\" sizes=\"(max-width: 906px) 100vw, 906px\" \/><\/figure>\n\n\n\n<p>T\u00fcrkiye Deprem B\u00f6lgeleri Haritas\u0131\u2019na g\u00f6re yurdumuzun %92\u2019sinin deprem b\u00f6lgeleri i\u00e7erisinde oldu\u011fu, n\u00fcfusumuzun %95\u2019inin deprem tehlikesi alt\u0131nda ya\u015fad\u0131\u011f\u0131, b\u00fcy\u00fck sanayi merkezlerinin %98\u2019i ve barajlar\u0131m\u0131z\u0131n %93\u2019\u00fcn\u00fcn deprem b\u00f6lgesinde bulundu\u011fu bilinmektedir.(http:\/\/www.deprem.gov.tr)<\/p>\n\n\n\n<p>Ayr\u0131ca, 1996 y\u0131l\u0131nda say\u0131s\u0131 124 olan enerji santrallerinin 65 tanesi birinci derece deprem b\u00f6lgesinde yer al\u0131rken, \u00f6zelle\u015ftirmeler sonucu yap\u0131lan yakla\u015f\u0131k 1.000 adet enerji santralinin 419 adedi -%41\u2019i- birinci derece deprem b\u00f6lgesinde yer almaktad\u0131r. Bu durum, her ge\u00e7en g\u00fcn<br>riskin gittik\u00e7e b\u00fcy\u00fcd\u00fc\u011f\u00fc anlam\u0131na gelmektedir (http:\/\/www.mmo.org.tr\/resimler\/dosya_ekler\/d6e2f5597089c95_ek.pdf).<\/p>\n\n\n\n<p>Bu sebeple, n\u00fcfus ve sanayi b\u00f6lgelerinin \u00e7o\u011funlu\u011fu deprem tehlikesi alt\u0131nda olan \u00fclkemizde, hasar yaratabilecek d\u00fczeyde bir depremi kendi kayna\u011f\u0131na en yak\u0131n konum veya konumlarda ger\u00e7ek zamanda belirlenmesine ve de\u011ferlendirilmesine y\u00f6nelik \u00e7al\u0131\u015fmalara do\u011fru bir y\u00f6nelime<br>ihtiya\u00e7 bulunmaktad\u0131r.<\/p>\n\n\n\n<p>\u015eehirlerimizin, kalabal\u0131k n\u00fcfusa sahip yerle\u015fim alanlar\u0131n\u0131n bu deprem kaynaklar\u0131na \u00e7ok farkl\u0131 mesafelerde konumlanm\u0131\u015f olmas\u0131 sebebiyle bir deprem EU sistemini bir \u015fehre y\u00f6nelik de\u011fil b\u00f6lgeye g\u00f6re d\u00fc\u015f\u00fcnerek kurulmas\u0131 daha faydal\u0131 olacakt\u0131r. Fakat birinci \u00f6ncelik, deprem<br>b\u00fcy\u00fckl\u00fc\u011f\u00fcn\u00fcn ve lokasyonunun saptanmas\u0131 de\u011fil, deprem zararlar\u0131n\u0131n azalt\u0131lmas\u0131na fayda sa\u011flayacak y\u00f6ntemi ve yakla\u015f\u0131m\u0131 denenmi\u015f etkili ve h\u0131zl\u0131 uyar\u0131 yapabilecek EU sistemlerinin kurulmas\u0131 olmal\u0131d\u0131r.<\/p>\n","protected":false},"excerpt":{"rendered":"<p>T\u00fcrkiye Deprem B\u00f6lgeleri Haritas\u0131\u2019na g\u00f6re yurdumuzun %92\u2019sinin deprem b\u00f6lgeleri i\u00e7erisinde oldu\u011fu, n\u00fcfusumuzun %95\u2019inin deprem tehlikesi alt\u0131nda ya\u015fad\u0131\u011f\u0131, b\u00fcy\u00fck sanayi merkezlerinin %98\u2019i ve barajlar\u0131m\u0131z\u0131n %93\u2019\u00fcn\u00fcn deprem b\u00f6lgesinde bulundu\u011fu bilinmektedir.(http:\/\/www.deprem.gov.tr) Ayr\u0131ca, 1996 y\u0131l\u0131nda say\u0131s\u0131 124 olan enerji santrallerinin 65 tanesi birinci derece deprem b\u00f6lgesinde yer al\u0131rken, \u00f6zelle\u015ftirmeler sonucu yap\u0131lan yakla\u015f\u0131k 1.000 adet enerji santralinin 419 adedi -%41\u2019i- &hellip; <\/p>\n","protected":false},"author":1,"featured_media":0,"parent":0,"menu_order":0,"comment_status":"closed","ping_status":"closed","template":"","meta":{"om_disable_all_campaigns":false,"_monsterinsights_skip_tracking":false,"_monsterinsights_sitenote_active":false,"_monsterinsights_sitenote_note":"","_monsterinsights_sitenote_category":0},"yoast_head":"<!-- This site is optimized with the Yoast SEO plugin v20.2.1 - https:\/\/yoast.com\/wordpress\/plugins\/seo\/ -->\n<title>Deprem G\u00fcvenli\u011fi -<\/title>\n<meta name=\"robots\" content=\"index, follow, max-snippet:-1, max-image-preview:large, max-video-preview:-1\" \/>\n<link rel=\"canonical\" href=\"https:\/\/remaendustri.com\/?page_id=151\" \/>\n<meta property=\"og:locale\" content=\"tr_TR\" \/>\n<meta property=\"og:type\" content=\"article\" \/>\n<meta property=\"og:title\" content=\"Deprem G\u00fcvenli\u011fi -\" \/>\n<meta property=\"og:description\" content=\"T\u00fcrkiye Deprem B\u00f6lgeleri Haritas\u0131\u2019na g\u00f6re yurdumuzun %92\u2019sinin deprem b\u00f6lgeleri i\u00e7erisinde oldu\u011fu, n\u00fcfusumuzun %95\u2019inin deprem tehlikesi alt\u0131nda ya\u015fad\u0131\u011f\u0131, b\u00fcy\u00fck sanayi merkezlerinin %98\u2019i ve barajlar\u0131m\u0131z\u0131n %93\u2019\u00fcn\u00fcn deprem b\u00f6lgesinde bulundu\u011fu bilinmektedir.(http:\/\/www.deprem.gov.tr) Ayr\u0131ca, 1996 y\u0131l\u0131nda say\u0131s\u0131 124 olan enerji santrallerinin 65 tanesi birinci derece deprem b\u00f6lgesinde yer al\u0131rken, \u00f6zelle\u015ftirmeler sonucu yap\u0131lan yakla\u015f\u0131k 1.000 adet enerji santralinin 419 adedi -%41\u2019i- &hellip;\" \/>\n<meta property=\"og:url\" content=\"https:\/\/remaendustri.com\/?page_id=151\" \/>\n<meta property=\"article:modified_time\" content=\"2023-02-22T13:26:40+00:00\" \/>\n<meta property=\"og:image\" content=\"http:\/\/remaendustri.com\/wp-content\/uploads\/2023\/02\/cracked-wall-of-house-destroyed-during-strong-eart-2022-06-03-00-39-28-utc-scaled-800x334-1.jpg\" \/>\n<meta name=\"twitter:card\" content=\"summary_large_image\" \/>\n<meta name=\"twitter:label1\" content=\"Tahmini okuma s\u00fcresi\" \/>\n\t<meta name=\"twitter:data1\" content=\"1 dakika\" \/>\n<script type=\"application\/ld+json\" class=\"yoast-schema-graph\">{\"@context\":\"https:\/\/schema.org\",\"@graph\":[{\"@type\":\"WebPage\",\"@id\":\"https:\/\/remaendustri.com\/?page_id=151\",\"url\":\"https:\/\/remaendustri.com\/?page_id=151\",\"name\":\"Deprem G\u00fcvenli\u011fi -\",\"isPartOf\":{\"@id\":\"https:\/\/remaendustri.com\/#website\"},\"datePublished\":\"2023-02-18T23:59:45+00:00\",\"dateModified\":\"2023-02-22T13:26:40+00:00\",\"breadcrumb\":{\"@id\":\"https:\/\/remaendustri.com\/?page_id=151#breadcrumb\"},\"inLanguage\":\"tr\",\"potentialAction\":[{\"@type\":\"ReadAction\",\"target\":[\"https:\/\/remaendustri.com\/?page_id=151\"]}]},{\"@type\":\"BreadcrumbList\",\"@id\":\"https:\/\/remaendustri.com\/?page_id=151#breadcrumb\",\"itemListElement\":[{\"@type\":\"ListItem\",\"position\":1,\"name\":\"Anasayfa\",\"item\":\"https:\/\/remaendustri.com\/\"},{\"@type\":\"ListItem\",\"position\":2,\"name\":\"Deprem G\u00fcvenli\u011fi\"}]},{\"@type\":\"WebSite\",\"@id\":\"https:\/\/remaendustri.com\/#website\",\"url\":\"https:\/\/remaendustri.com\/\",\"name\":\"http:\/\/remaendustri.com\/\",\"description\":\"\",\"publisher\":{\"@id\":\"https:\/\/remaendustri.com\/#organization\"},\"potentialAction\":[{\"@type\":\"SearchAction\",\"target\":{\"@type\":\"EntryPoint\",\"urlTemplate\":\"https:\/\/remaendustri.com\/?s={search_term_string}\"},\"query-input\":\"required name=search_term_string\"}],\"inLanguage\":\"tr\"},{\"@type\":\"Organization\",\"@id\":\"https:\/\/remaendustri.com\/#organization\",\"name\":\"http:\/\/remaendustri.com\/\",\"url\":\"https:\/\/remaendustri.com\/\",\"logo\":{\"@type\":\"ImageObject\",\"inLanguage\":\"tr\",\"@id\":\"https:\/\/remaendustri.com\/#\/schema\/logo\/image\/\",\"url\":\"http:\/\/remaendustri.com\/wp-content\/uploads\/2023\/02\/cropped-remalogo.jpg\",\"contentUrl\":\"http:\/\/remaendustri.com\/wp-content\/uploads\/2023\/02\/cropped-remalogo.jpg\",\"width\":1600,\"height\":1599,\"caption\":\"http:\/\/remaendustri.com\/\"},\"image\":{\"@id\":\"https:\/\/remaendustri.com\/#\/schema\/logo\/image\/\"},\"sameAs\":[\"https:\/\/www.instagram.com\/rema.endustri\/\",\"https:\/\/www.trendyol.com\/magaza\/rema-endustri-ic-ve-dis-tic-ltd-sti-m-649742?sst=0\"]}]}<\/script>\n<!-- \/ Yoast SEO plugin. -->","yoast_head_json":{"title":"Deprem G\u00fcvenli\u011fi -","robots":{"index":"index","follow":"follow","max-snippet":"max-snippet:-1","max-image-preview":"max-image-preview:large","max-video-preview":"max-video-preview:-1"},"canonical":"https:\/\/remaendustri.com\/?page_id=151","og_locale":"tr_TR","og_type":"article","og_title":"Deprem G\u00fcvenli\u011fi -","og_description":"T\u00fcrkiye Deprem B\u00f6lgeleri Haritas\u0131\u2019na g\u00f6re yurdumuzun %92\u2019sinin deprem b\u00f6lgeleri i\u00e7erisinde oldu\u011fu, n\u00fcfusumuzun %95\u2019inin deprem tehlikesi alt\u0131nda ya\u015fad\u0131\u011f\u0131, b\u00fcy\u00fck sanayi merkezlerinin %98\u2019i ve barajlar\u0131m\u0131z\u0131n %93\u2019\u00fcn\u00fcn deprem b\u00f6lgesinde bulundu\u011fu bilinmektedir.(http:\/\/www.deprem.gov.tr) Ayr\u0131ca, 1996 y\u0131l\u0131nda say\u0131s\u0131 124 olan enerji santrallerinin 65 tanesi birinci derece deprem b\u00f6lgesinde yer al\u0131rken, \u00f6zelle\u015ftirmeler sonucu yap\u0131lan yakla\u015f\u0131k 1.000 adet enerji santralinin 419 adedi -%41\u2019i- &hellip;","og_url":"https:\/\/remaendustri.com\/?page_id=151","article_modified_time":"2023-02-22T13:26:40+00:00","og_image":[{"url":"http:\/\/remaendustri.com\/wp-content\/uploads\/2023\/02\/cracked-wall-of-house-destroyed-during-strong-eart-2022-06-03-00-39-28-utc-scaled-800x334-1.jpg"}],"twitter_card":"summary_large_image","twitter_misc":{"Tahmini okuma s\u00fcresi":"1 dakika"},"schema":{"@context":"https:\/\/schema.org","@graph":[{"@type":"WebPage","@id":"https:\/\/remaendustri.com\/?page_id=151","url":"https:\/\/remaendustri.com\/?page_id=151","name":"Deprem G\u00fcvenli\u011fi -","isPartOf":{"@id":"https:\/\/remaendustri.com\/#website"},"datePublished":"2023-02-18T23:59:45+00:00","dateModified":"2023-02-22T13:26:40+00:00","breadcrumb":{"@id":"https:\/\/remaendustri.com\/?page_id=151#breadcrumb"},"inLanguage":"tr","potentialAction":[{"@type":"ReadAction","target":["https:\/\/remaendustri.com\/?page_id=151"]}]},{"@type":"BreadcrumbList","@id":"https:\/\/remaendustri.com\/?page_id=151#breadcrumb","itemListElement":[{"@type":"ListItem","position":1,"name":"Anasayfa","item":"https:\/\/remaendustri.com\/"},{"@type":"ListItem","position":2,"name":"Deprem G\u00fcvenli\u011fi"}]},{"@type":"WebSite","@id":"https:\/\/remaendustri.com\/#website","url":"https:\/\/remaendustri.com\/","name":"http:\/\/remaendustri.com\/","description":"","publisher":{"@id":"https:\/\/remaendustri.com\/#organization"},"potentialAction":[{"@type":"SearchAction","target":{"@type":"EntryPoint","urlTemplate":"https:\/\/remaendustri.com\/?s={search_term_string}"},"query-input":"required name=search_term_string"}],"inLanguage":"tr"},{"@type":"Organization","@id":"https:\/\/remaendustri.com\/#organization","name":"http:\/\/remaendustri.com\/","url":"https:\/\/remaendustri.com\/","logo":{"@type":"ImageObject","inLanguage":"tr","@id":"https:\/\/remaendustri.com\/#\/schema\/logo\/image\/","url":"http:\/\/remaendustri.com\/wp-content\/uploads\/2023\/02\/cropped-remalogo.jpg","contentUrl":"http:\/\/remaendustri.com\/wp-content\/uploads\/2023\/02\/cropped-remalogo.jpg","width":1600,"height":1599,"caption":"http:\/\/remaendustri.com\/"},"image":{"@id":"https:\/\/remaendustri.com\/#\/schema\/logo\/image\/"},"sameAs":["https:\/\/www.instagram.com\/rema.endustri\/","https:\/\/www.trendyol.com\/magaza\/rema-endustri-ic-ve-dis-tic-ltd-sti-m-649742?sst=0"]}]}},"_links":{"self":[{"href":"https:\/\/remaendustri.com\/index.php?rest_route=\/wp\/v2\/pages\/151"}],"collection":[{"href":"https:\/\/remaendustri.com\/index.php?rest_route=\/wp\/v2\/pages"}],"about":[{"href":"https:\/\/remaendustri.com\/index.php?rest_route=\/wp\/v2\/types\/page"}],"author":[{"embeddable":true,"href":"https:\/\/remaendustri.com\/index.php?rest_route=\/wp\/v2\/users\/1"}],"replies":[{"embeddable":true,"href":"https:\/\/remaendustri.com\/index.php?rest_route=%2Fwp%2Fv2%2Fcomments&post=151"}],"version-history":[{"count":3,"href":"https:\/\/remaendustri.com\/index.php?rest_route=\/wp\/v2\/pages\/151\/revisions"}],"predecessor-version":[{"id":570,"href":"https:\/\/remaendustri.com\/index.php?rest_route=\/wp\/v2\/pages\/151\/revisions\/570"}],"wp:attachment":[{"href":"https:\/\/remaendustri.com\/index.php?rest_route=%2Fwp%2Fv2%2Fmedia&parent=151"}],"curies":[{"name":"wp","href":"https:\/\/api.w.org\/{rel}","templated":true}]}}