{"id":145,"date":"2023-02-18T23:48:32","date_gmt":"2023-02-18T23:48:32","guid":{"rendered":"http:\/\/remaendustri.com\/?page_id=145"},"modified":"2023-02-21T10:51:34","modified_gmt":"2023-02-21T10:51:34","slug":"bant-ve-yapistiricilar","status":"publish","type":"page","link":"https:\/\/remaendustri.com\/?page_id=145","title":{"rendered":"Bant ve Yap\u0131\u015ft\u0131r\u0131c\u0131lar"},"content":{"rendered":"\n<p><\/p>\n\n\n\n<figure class=\"wp-block-image size-large\"><img decoding=\"async\" loading=\"lazy\" width=\"1024\" height=\"1024\" src=\"http:\/\/remaendustri.com\/wp-content\/uploads\/2023\/02\/guclu-bant-1024x1024.jpg\" alt=\"\" class=\"wp-image-496\" srcset=\"https:\/\/remaendustri.com\/wp-content\/uploads\/2023\/02\/guclu-bant-1024x1024.jpg 1024w, https:\/\/remaendustri.com\/wp-content\/uploads\/2023\/02\/guclu-bant-300x300.jpg 300w, https:\/\/remaendustri.com\/wp-content\/uploads\/2023\/02\/guclu-bant-150x150.jpg 150w, https:\/\/remaendustri.com\/wp-content\/uploads\/2023\/02\/guclu-bant-768x768.jpg 768w, https:\/\/remaendustri.com\/wp-content\/uploads\/2023\/02\/guclu-bant-370x370.jpg 370w, https:\/\/remaendustri.com\/wp-content\/uploads\/2023\/02\/guclu-bant-60x60.jpg 60w, https:\/\/remaendustri.com\/wp-content\/uploads\/2023\/02\/guclu-bant-116x116.jpg 116w, https:\/\/remaendustri.com\/wp-content\/uploads\/2023\/02\/guclu-bant.jpg 1080w\" sizes=\"(max-width: 1024px) 100vw, 1024px\" \/><\/figure>\n\n\n\n<p><\/p>\n\n\n\n<p>Kaliteli koli bant, \u00f6ncelikle g\u00fc\u00e7l\u00fc yap\u0131\u015ft\u0131rma \u00f6zelli\u011fi ile bilinmektedir. Bu \u00f6zellik ile ister evde, ister okulda, ister i\u015f yerinde kullan\u0131m i\u00e7in olsun hi\u00e7bir alanda g\u00fcc\u00fcnden taviz vermeyecektir. Bu kapsamda kaliteli bir koli band\u0131n\u0131n ilk \u00f6zelli\u011fi g\u00fc\u00e7l\u00fc yap\u0131\u015fkan\u0131 ile m\u00fckemmel tutunma sa\u011flamas\u0131 olarak s\u00f6ylenebilir.<\/p>\n\n\n\n<p>Koli band\u0131 \u00f6zelliklerine bak\u0131ld\u0131\u011f\u0131nda g\u00fc\u00e7l\u00fc PP ta\u015f\u0131y\u0131c\u0131s\u0131na sahip oldu\u011fu g\u00f6r\u00fclmektedir. PP ta\u015f\u0131y\u0131c\u0131 ise bir band\u0131 tutan ta\u015f\u0131y\u0131c\u0131 olarak bilinmektedir. Bu anlamda hem yap\u0131\u015fkan\u0131 tutmak hem de yap\u0131\u015fkan \u00f6zelli\u011fin i\u015flevinin art\u0131r\u0131lmas\u0131 i\u00e7in tercih edilir. G\u00fc\u00e7l\u00fc bir PP ta\u015f\u0131y\u0131c\u0131 kaliteli koli band\u0131n en \u00f6nemli ikinci \u00f6zelli\u011fidir.<\/p>\n\n\n\n<h1>Kurumsal Firmalar \u0130\u00e7in Bant \u00c7\u00f6z\u00fcmleri\u00a0<\/h1>\n\n\n\n<p>Kurumsal kimlik firmalar a\u00e7\u0131s\u0131ndan olduk\u00e7a \u00f6nemli olurken,<strong>&nbsp;kurumsal firmalar i\u00e7in bant \u00e7\u00f6z\u00fcmleri&nbsp;<\/strong>devreye giriyor. \u00d6yle ki bant deyip ge\u00e7memekte fayda var! \u00c7\u00fcnk\u00fc bant bask\u0131 \u00e7al\u0131\u015fmalar\u0131yla firman\u0131n ak\u0131llarda yer etmesi m\u00fcmk\u00fcn hale d\u00f6n\u00fc\u015f\u00fcyor. Rakiplerinizden bir ad\u0131m daha \u00f6nce \u00e7\u0131kmak istiyorsan\u0131z o halde kurumsal odakl\u0131 bir \u00e7\u00f6z\u00fcm sunmay\u0131 sa\u011flayacak bantlar\u0131 kullanabilirsiniz.&nbsp;<strong>Firmalar i\u00e7in bant \u00e7\u00f6z\u00fcmleri&nbsp;<\/strong>rakiplerinden bir ad\u0131m \u00f6ne \u00e7\u0131kmas\u0131 a\u00e7\u0131s\u0131ndan etkin bir rol oynuyor.&nbsp;<\/p>\n\n\n\n<p>Son d\u00f6nemde firmalar \u00f6ne \u00e7\u0131kmak i\u00e7in yo\u011fun bir m\u00fccadele vermeye devam ediyor. Onlardan biri de reklam faaliyetlerini daha etkin s\u00fcrd\u00fcrmelerine yard\u0131mc\u0131 olacak bant \u00e7\u00f6z\u00fcmleri denebilir. B\u00f6ylelikle d\u00fc\u015f\u00fck bir maliyet ile etkin bir&nbsp; reklam \u00e7al\u0131\u015fmas\u0131n\u0131n yap\u0131lmas\u0131 sa\u011flanm\u0131\u015f oluyor.&nbsp;<\/p>\n\n\n\n<figure class=\"wp-block-table\"><table><thead><tr><th><strong>Ta\u015f\u0131y\u0131c\u0131<\/strong><\/th><th><strong>Renk<\/strong><\/th><th><strong>Tutkal<\/strong><\/th><th><strong>Kal\u0131nl\u0131k<\/strong><\/th><th><strong>Is\u0131<\/strong>&nbsp;<strong>Dayan\u0131m\u0131<\/strong><\/th><\/tr><\/thead><tbody><tr><td>BOPP Film<\/td><td>\u015eeffaf<\/td><td>Akrilik<\/td><td>36\u00b5 \/ 38\u00b5 \/ 40\u00b5 \/ 42\u00b5 \/ 45\u00b5<\/td><td>-20\u00b0C &gt; 80\u00b0C<\/td><\/tr><tr><td>BOPP Film<\/td><td>&nbsp;<\/td><td>Akrilik<\/td><td>36\u00b5 \/ 38\u00b5 \/ 40\u00b5 \/ 42\u00b5 \/ 45\u00b5<\/td><td>-20\u00b0C &gt; 80\u00b0C<\/td><\/tr><tr><td>BOPP Film<\/td><td>&nbsp;<\/td><td>Akrilik<\/td><td>36\u00b5 \/ 38\u00b5 \/ 40\u00b5 \/ 42\u00b5 \/ 45\u00b5<\/td><td>-20\u00b0C &gt; 80\u00b0C<\/td><\/tr><tr><td>BOPP Film<\/td><td>&nbsp;<\/td><td>Akrilik<\/td><td>36\u00b5 \/ 38\u00b5 \/ 40\u00b5 \/ 42\u00b5 \/ 45\u00b5<\/td><td>-20\u00b0C &gt; 80\u00b0C<\/td><\/tr><tr><td>BOPP Film<\/td><td>&nbsp;<\/td><td>Akrilik<\/td><td>36\u00b5 \/ 38\u00b5 \/ 40\u00b5 \/ 42\u00b5 \/ 45\u00b5<\/td><td>-20\u00b0C &gt; 80\u00b0C<\/td><\/tr><\/tbody><\/table><\/figure>\n\n\n\n<h1>Toptan<strong>&nbsp;Koli Band\u0131<\/strong><\/h1>\n\n\n\n<figure class=\"wp-block-table\"><table><tbody><tr><td><strong>Ta\u015f\u0131y\u0131c\u0131<\/strong><\/td><td>BOPP Film<\/td><\/tr><tr><td><strong>Boyutlar<\/strong><\/td><td>4,5cm X 50mt ~ 1000 mt&nbsp;\/ 4,8cm X 1000mt ~ 800 mt \/&nbsp;5cm X 50mt ~ 1000 mt<\/td><\/tr><tr><td><strong>Kal\u0131nl\u0131k<\/strong><\/td><td>36\u00b5 \/ 38\u00b5 \/ 40\u00b5 \/ 42\u00b5 \/ 45\u00b5 \/ 47\u00b5<\/td><\/tr><tr><td><strong>Renkler<\/strong><\/td><td>\u015eeffaf<\/td><\/tr><tr><td><strong>Is\u0131 Dayan\u0131m\u0131<\/strong><\/td><td>-20\u00b0C &gt; 60\u00b0C<\/td><\/tr><tr><td><strong>Genel Bak\u0131\u015f<\/strong><\/td><td>G\u00fc\u00e7l\u00fc PP ta\u015f\u0131y\u0131c\u0131<\/td><\/tr><tr><td><strong>Kullan\u0131m Alanlar\u0131<\/strong><\/td><td>Sert yap\u0131\u015fma g\u00fcc\u00fc<\/td><\/tr><tr><td>&nbsp;<\/td><td>Kolay ve h\u0131zl\u0131 kullan\u0131m<\/td><\/tr><tr><td>&nbsp;<\/td><td>Kokusuz<\/td><\/tr><tr><td>&nbsp;<\/td><td>\u00c7evre dostu<\/td><\/tr><tr><td>&nbsp;<\/td><td>Koli kapatma,Ambalaj kapatma,Naylon ve plastik<\/td><\/tr><\/tbody><\/table><\/figure>\n\n\n\n<figure class=\"wp-block-image size-full is-resized\"><img decoding=\"async\" loading=\"lazy\" src=\"http:\/\/remaendustri.com\/wp-content\/uploads\/2023\/02\/bantmodel.jpg\" alt=\"\" class=\"wp-image-497\" width=\"840\" height=\"546\" srcset=\"https:\/\/remaendustri.com\/wp-content\/uploads\/2023\/02\/bantmodel.jpg 682w, https:\/\/remaendustri.com\/wp-content\/uploads\/2023\/02\/bantmodel-300x195.jpg 300w, https:\/\/remaendustri.com\/wp-content\/uploads\/2023\/02\/bantmodel-370x240.jpg 370w, https:\/\/remaendustri.com\/wp-content\/uploads\/2023\/02\/bantmodel-92x60.jpg 92w, https:\/\/remaendustri.com\/wp-content\/uploads\/2023\/02\/bantmodel-179x116.jpg 179w\" sizes=\"(max-width: 840px) 100vw, 840px\" \/><\/figure>\n\n\n\n<h2><strong>Koli Band\u0131<\/strong><\/h2>\n\n\n\n<p>Koli band\u0131 genellikle kutular i\u00e7ine konulan malzemelerin d\u00f6k\u00fclmesi ve zarar g\u00f6rmemesi amac\u0131yla tercih edilen \u00fcr\u00fcnd\u00fcr. Olduk\u00e7a dayan\u0131kl\u0131 yap\u0131\u015fma \u00f6zelli\u011fi sayesinde karton koliler i\u00e7in kullan\u0131lan koli bantlar\u0131, dayan\u0131kl\u0131 yap\u0131\u015fma \u00f6zellikleri sayesinde kargo alan\u0131nda en fazla tercih edilen \u00fcr\u00fcnd\u00fcr. \u0130ster el ile isterseniz koli band\u0131 makinas\u0131 kullanarak kolileri bantlama imkan\u0131n\u0131z bulunmaktad\u0131r.<\/p>\n\n\n\n<p><strong>Koli bantlar\u0131<\/strong>n\u0131n genel kullan\u0131m alanlar\u0131 ise ambalaj, ekleme, \u00fcr\u00fcn\u00fc koruma ya da etiket korumak amac\u0131yla tercih edilir. Koli band\u0131 genel kullan\u0131m alanlar\u0131n\u0131n ba\u015f\u0131nda ise s\u00fcrekli paketleme i\u015flemi yapan firmalar taraf\u0131ndan yap\u0131l\u0131r.<\/p>\n\n\n\n<p>Bu nedenle s\u00fcrekli koli band\u0131 ihtiyac\u0131 olan firmalar i\u00e7in\u00a0<strong>koli band\u0131 toptan<\/strong>\u00a0alarak daha uygun bir \u00fccrete sahip olabilirler. <\/p>\n\n\n\n<p>Sanayi ve firmalar\u0131n d\u0131\u015f\u0131nda en aktif kullan\u0131m alanlar\u0131 ise evlerdir. \u00d6zellikle ev ta\u015f\u0131ma i\u015flemlerinde kutu i\u00e7ine koyulan malzemelerin korunmas\u0131 amac\u0131yla koli band\u0131 tercih edilir. Koli bantlar\u0131 hem kutunun a\u00e7\u0131lmas\u0131n\u0131 engellerken hem de zarar g\u00f6rmesini engelleyen en \u00f6nemli \u00fcr\u00fcnd\u00fcr. Evlerde ve i\u015f yerlerinde genellikle&nbsp;<strong>100 metre koli band\u0131<\/strong>&nbsp;tercih edilir.<\/p>\n\n\n\n<p>Bunun nedeni ise uzun s\u00fcreli kullan\u0131mlar i\u00e7in en uygun koli band\u0131 uzunlu\u011fudur. Ancak farkl\u0131 renklerde de koli bantlar\u0131 bulunmaktad\u0131r. Beyaz koli band\u0131 genellikle kurumsal firmalar taraf\u0131ndan tercih edilirken siyah<strong>&nbsp;koli band\u0131<\/strong>&nbsp;ise hem firmalar hem de ev alan\u0131nda aktif olarak kullan\u0131lmaktad\u0131r.<\/p>\n\n\n\n<h2><strong>Koli Band\u0131 Boyutlar\u0131<\/strong><\/h2>\n\n\n\n<p>Koli bantlar\u0131 farkl\u0131 uzunluk ve \u00f6l\u00e7\u00fclere sahip olsalar da genellikle 100 metre koli band\u0131 tercih edilir. Bunun yan\u0131nda\u00a0<strong>6\u2032 l\u0131 koli band\u0131<\/strong>\u00a0ve\u00a0<strong>60*100 koli band\u0131<\/strong>\u00a0tercihleri de son zamanlarda art\u0131\u015f g\u00f6stermektedir. 45 mm \u00f6l\u00e7\u00fclere sahip bu koli bantlar\u0131 geni\u015f olmalar\u0131 sebebiyle kolilerin a\u011f\u0131zlar\u0131n\u0131n kapat\u0131lmas\u0131 i\u00e7in en ideal \u00f6l\u00e7\u00fclere g\u00f6re \u00f6zel olarak \u00fcretilmi\u015ftir. Ancak kullan\u0131m alan\u0131na g\u00f6re farkl\u0131 boyut ve uzunluklara g\u00f6re de koli band\u0131 \u00e7e\u015fitleri de bulunmaktad\u0131r. Bu koli bantlar\u0131 ayr\u0131ca koli band\u0131 makinas\u0131 ya da el ile kullan\u0131labilmektedir. Ancak genellikle kurumsal firmalar h\u0131zl\u0131 bir \u015fekilde kolileri bantlamak i\u00e7in koli band\u0131 makinas\u0131 kullanmaktad\u0131r.<\/p>\n\n\n\n<figure class=\"wp-block-image size-full is-resized\"><img decoding=\"async\" loading=\"lazy\" src=\"http:\/\/remaendustri.com\/wp-content\/uploads\/2023\/02\/baskilibant.png\" alt=\"\" class=\"wp-image-501\" width=\"839\" height=\"762\" srcset=\"https:\/\/remaendustri.com\/wp-content\/uploads\/2023\/02\/baskilibant.png 524w, https:\/\/remaendustri.com\/wp-content\/uploads\/2023\/02\/baskilibant-300x273.png 300w, https:\/\/remaendustri.com\/wp-content\/uploads\/2023\/02\/baskilibant-66x60.png 66w, https:\/\/remaendustri.com\/wp-content\/uploads\/2023\/02\/baskilibant-128x116.png 128w\" sizes=\"(max-width: 839px) 100vw, 839px\" \/><\/figure>\n\n\n\n<p><\/p>\n\n\n\n<h1>BASKILI BANT<\/h1>\n\n\n\n<figure class=\"wp-block-table\"><table><tbody><tr><td><strong>Ta\u015f\u0131y\u0131c\u0131<\/strong><\/td><td>BOPP Film<\/td><\/tr><tr><td><strong>Boyutlar<\/strong><\/td><td>4,5cm X 50mt ~ 1000 mt \/ 4,8cm X 1000mt ~ 800 mt \/ 5cm X 50mt ~ 1000 mt<\/td><\/tr><tr><td><strong>Kal\u0131nl\u0131k<\/strong><\/td><td>36\u00b5 \/ 38\u00b5 \/ 40\u00b5 \/ 42\u00b5 \/ 45\u00b5 \/ 47\u00b5<\/td><\/tr><tr><td><strong>Renkler<\/strong><\/td><td>Renk + logo<\/td><\/tr><tr><td><strong>Is\u0131 Dayan\u0131m\u0131<\/strong><\/td><td>\u2018-20\u00b0C &gt; 80\u00b0C<\/td><\/tr><tr><td><strong>Genel Bak\u0131\u015f<\/strong><\/td><td>G\u00fc\u00e7l\u00fc PP ta\u015f\u0131y\u0131c\u0131<\/td><\/tr><tr><td><strong>Kullan\u0131m Alanlar\u0131<\/strong><\/td><td>Kuvvetli yap\u0131\u015fma \u00f6zelli\u011fi<\/td><\/tr><tr><td><\/td><td>\u00c7evre dostu<\/td><\/tr><tr><td><\/td><td>firma imaj\u0131<\/td><\/tr><tr><td><\/td><td>kurumsal bir g\u00f6r\u00fcn\u00fcm sa\u011flama<\/td><\/tr><\/tbody><\/table><\/figure>\n\n\n\n<p><\/p>\n\n\n\n<p><\/p>\n\n\n\n<h2><strong>Toptan Logolu Bant&nbsp;<\/strong><\/h2>\n\n\n\n<p>Toptan \u015fekilde de logolu bantlar\u0131n sorunsuz \u015fekilde kullan\u0131lmas\u0131 m\u00fcmk\u00fcnd\u00fcr. Etkili, sorunsuz ve h\u0131zl\u0131 \u015fekilde bir reklam \u00e7al\u0131\u015fmas\u0131n\u0131n yap\u0131lmas\u0131na yard\u0131mc\u0131 olacak en g\u00fczel toptan bantlar ile kurumsal kimli\u011finizi \u00e7ok daha iyi \u015fekilde yans\u0131tma ba\u015far\u0131s\u0131na sahip olmaya ba\u015flayabilirsiniz. \u00dcstelik&nbsp;<strong>&nbsp;kurumsal firmalar i\u00e7in bant \u00e7\u00f6z\u00fcmleri&nbsp;<\/strong>ile bundan sonra markan\u0131z\u0131 \u00e7ok daha iyi \u015fekilde yans\u0131tmaya devam etmi\u015f olacaks\u0131n\u0131z.&nbsp;<\/p>\n\n\n\n<p>Markan\u0131z\u0131 bundan sonra daha etkin k\u0131lman\u0131z i\u00e7in toptan \u015fekilde logolu bantlar\u0131n kullan\u0131m\u0131n\u0131 yapabilmeniz m\u00fcmk\u00fcn olacak.Firmalara bak\u0131ld\u0131\u011f\u0131 zaman pratik \u00e7\u00f6z\u00fcmler sunmay\u0131 sa\u011flayacak olan\u00a0<strong>\u00a0kurumsal firmalar i\u00e7in bant \u00e7\u00f6z\u00fcmleri<\/strong>\u00a0sunmaya devam edilirken, s\u00fcreci daha g\u00fczel ve lehine d\u00f6nd\u00fcrecek avantajlar\u0131ndan yararlanmak amac\u0131yla b\u00f6yle bir yola ba\u015fvurabilirsiniz.\u00a0<\/p>\n\n\n\n<h3><strong>Marka Bask\u0131l\u0131 Bant<\/strong><\/h3>\n\n\n\n<p>Marka bask\u0131l\u0131 bantlar firmalar\u0131n tan\u0131nmas\u0131n\u0131 sa\u011flayan en \u00f6nemli etkendir. Kargo i\u015flemleri s\u0131ras\u0131nda kutular \u00fczerine kullan\u0131lan marka bantlar kargolar\u0131n hangi firmalara ait oldu\u011funu belirlemenin en \u00f6nemli yoludur. Ayr\u0131ca firmalar daha kurumsal bir kimli\u011fe sahip olurken daha fazla m\u00fc\u015fteriye de bu \u015fekilde ula\u015fma imkan\u0131 sa\u011flar.<\/p>\n\n\n\n<h4><strong>Firma Bask\u0131l\u0131 Bant<\/strong><\/h4>\n\n\n\n<p>Firmalar\u0131n logo ve isimlerinin yaz\u0131l\u0131 oldu\u011fu&nbsp;<strong>firma bask\u0131l\u0131 bantlar<\/strong>, son d\u00f6nemlerde en fazla tercih edilen bant \u00e7e\u015fididir. Farkl\u0131 renk se\u00e7enekleri, bantlar \u00fczerinde tercih edilecek isim \u2013 logo ya da resim sayesinde istenilen her tarzda kendine ait firma bask\u0131l\u0131 band\u0131 tercih edebilir.<\/p>\n\n\n\n<h4><strong>Logo Bask\u0131l\u0131 Bant<\/strong><\/h4>\n\n\n\n<p>Firmalar\u0131n tercih etti\u011fi ya da kurumsal olarak kulland\u0131klar\u0131 logolar firmalar\u0131n tan\u0131nmas\u0131ndaki \u00f6nemli ara\u00e7lardan bir tanesidir. Logo bask\u0131l\u0131 bantlar ise firmalar\u0131n kurumsall\u0131\u011f\u0131n\u0131 g\u00f6steren bantlar\u0131 tercih ederek hem kargo s\u00fcrecinde \u00fcr\u00fcnlerinin a\u00e7\u0131l\u0131p a\u00e7\u0131lmad\u0131\u011f\u0131n\u0131 kontrol ederken di\u011fer \u00fcr\u00fcnlerden ay\u0131rt edilmesini de sa\u011flar. Bu nedenle firmalar genellikle bask\u0131l\u0131 bant tercih ederken logo tercih ederler.<\/p>\n\n\n\n<p>Logolu koli band\u0131 firmalar i\u00e7in \u00f6zel olarak tasarlanan, farkl\u0131 boyutlarda renklerde ve kurumsall\u0131klar\u0131n\u0131 temsil etmek amac\u0131yla bant \u00fcst\u00fcnde tercih ettikleri logo ya da isimlerdir.<\/p>\n\n\n\n<p><\/p>\n\n\n\n<p>Bask\u0131l\u0131 bant fiyatlar\u0131, m\u00fc\u015fterinin isteklerine g\u00f6re farkl\u0131l\u0131k g\u00f6stermektedir. \u0130stenilen miktar ve bask\u0131n\u0131n modeline g\u00f6re de\u011fi\u015fmektedir.\u00a0 \u0130leti\u015fim sayfas\u0131ndan ileti\u015fime ge\u00e7erek fiyat bilgisi alabilirsiniz.<\/p>\n","protected":false},"excerpt":{"rendered":"<p>Kaliteli koli bant, \u00f6ncelikle g\u00fc\u00e7l\u00fc yap\u0131\u015ft\u0131rma \u00f6zelli\u011fi ile bilinmektedir. Bu \u00f6zellik ile ister evde, ister okulda, ister i\u015f yerinde kullan\u0131m i\u00e7in olsun hi\u00e7bir alanda g\u00fcc\u00fcnden taviz vermeyecektir. Bu kapsamda kaliteli bir koli band\u0131n\u0131n ilk \u00f6zelli\u011fi g\u00fc\u00e7l\u00fc yap\u0131\u015fkan\u0131 ile m\u00fckemmel tutunma sa\u011flamas\u0131 olarak s\u00f6ylenebilir. Koli band\u0131 \u00f6zelliklerine bak\u0131ld\u0131\u011f\u0131nda g\u00fc\u00e7l\u00fc PP ta\u015f\u0131y\u0131c\u0131s\u0131na sahip oldu\u011fu g\u00f6r\u00fclmektedir. PP ta\u015f\u0131y\u0131c\u0131 &hellip; <\/p>\n","protected":false},"author":1,"featured_media":0,"parent":0,"menu_order":0,"comment_status":"closed","ping_status":"closed","template":"","meta":{"om_disable_all_campaigns":false,"_monsterinsights_skip_tracking":false,"_monsterinsights_sitenote_active":false,"_monsterinsights_sitenote_note":"","_monsterinsights_sitenote_category":0},"yoast_head":"<!-- This site is optimized with the Yoast SEO plugin v20.2.1 - https:\/\/yoast.com\/wordpress\/plugins\/seo\/ -->\n<title>Bant ve Yap\u0131\u015ft\u0131r\u0131c\u0131lar -<\/title>\n<meta name=\"robots\" content=\"index, follow, max-snippet:-1, max-image-preview:large, max-video-preview:-1\" \/>\n<link rel=\"canonical\" href=\"https:\/\/remaendustri.com\/?page_id=145\" \/>\n<meta property=\"og:locale\" content=\"tr_TR\" \/>\n<meta property=\"og:type\" content=\"article\" \/>\n<meta property=\"og:title\" content=\"Bant ve Yap\u0131\u015ft\u0131r\u0131c\u0131lar -\" \/>\n<meta property=\"og:description\" content=\"Kaliteli koli bant, \u00f6ncelikle g\u00fc\u00e7l\u00fc yap\u0131\u015ft\u0131rma \u00f6zelli\u011fi ile bilinmektedir. Bu \u00f6zellik ile ister evde, ister okulda, ister i\u015f yerinde kullan\u0131m i\u00e7in olsun hi\u00e7bir alanda g\u00fcc\u00fcnden taviz vermeyecektir. Bu kapsamda kaliteli bir koli band\u0131n\u0131n ilk \u00f6zelli\u011fi g\u00fc\u00e7l\u00fc yap\u0131\u015fkan\u0131 ile m\u00fckemmel tutunma sa\u011flamas\u0131 olarak s\u00f6ylenebilir. Koli band\u0131 \u00f6zelliklerine bak\u0131ld\u0131\u011f\u0131nda g\u00fc\u00e7l\u00fc PP ta\u015f\u0131y\u0131c\u0131s\u0131na sahip oldu\u011fu g\u00f6r\u00fclmektedir. PP ta\u015f\u0131y\u0131c\u0131 &hellip;\" \/>\n<meta property=\"og:url\" content=\"https:\/\/remaendustri.com\/?page_id=145\" \/>\n<meta property=\"article:modified_time\" content=\"2023-02-21T10:51:34+00:00\" \/>\n<meta property=\"og:image\" content=\"http:\/\/remaendustri.com\/wp-content\/uploads\/2023\/02\/guclu-bant-1024x1024.jpg\" \/>\n<meta name=\"twitter:card\" content=\"summary_large_image\" \/>\n<meta name=\"twitter:label1\" content=\"Tahmini okuma s\u00fcresi\" \/>\n\t<meta name=\"twitter:data1\" content=\"6 dakika\" \/>\n<script type=\"application\/ld+json\" class=\"yoast-schema-graph\">{\"@context\":\"https:\/\/schema.org\",\"@graph\":[{\"@type\":\"WebPage\",\"@id\":\"https:\/\/remaendustri.com\/?page_id=145\",\"url\":\"https:\/\/remaendustri.com\/?page_id=145\",\"name\":\"Bant ve Yap\u0131\u015ft\u0131r\u0131c\u0131lar -\",\"isPartOf\":{\"@id\":\"https:\/\/remaendustri.com\/#website\"},\"datePublished\":\"2023-02-18T23:48:32+00:00\",\"dateModified\":\"2023-02-21T10:51:34+00:00\",\"breadcrumb\":{\"@id\":\"https:\/\/remaendustri.com\/?page_id=145#breadcrumb\"},\"inLanguage\":\"tr\",\"potentialAction\":[{\"@type\":\"ReadAction\",\"target\":[\"https:\/\/remaendustri.com\/?page_id=145\"]}]},{\"@type\":\"BreadcrumbList\",\"@id\":\"https:\/\/remaendustri.com\/?page_id=145#breadcrumb\",\"itemListElement\":[{\"@type\":\"ListItem\",\"position\":1,\"name\":\"Anasayfa\",\"item\":\"https:\/\/remaendustri.com\/\"},{\"@type\":\"ListItem\",\"position\":2,\"name\":\"Bant ve Yap\u0131\u015ft\u0131r\u0131c\u0131lar\"}]},{\"@type\":\"WebSite\",\"@id\":\"https:\/\/remaendustri.com\/#website\",\"url\":\"https:\/\/remaendustri.com\/\",\"name\":\"http:\/\/remaendustri.com\/\",\"description\":\"\",\"publisher\":{\"@id\":\"https:\/\/remaendustri.com\/#organization\"},\"potentialAction\":[{\"@type\":\"SearchAction\",\"target\":{\"@type\":\"EntryPoint\",\"urlTemplate\":\"https:\/\/remaendustri.com\/?s={search_term_string}\"},\"query-input\":\"required name=search_term_string\"}],\"inLanguage\":\"tr\"},{\"@type\":\"Organization\",\"@id\":\"https:\/\/remaendustri.com\/#organization\",\"name\":\"http:\/\/remaendustri.com\/\",\"url\":\"https:\/\/remaendustri.com\/\",\"logo\":{\"@type\":\"ImageObject\",\"inLanguage\":\"tr\",\"@id\":\"https:\/\/remaendustri.com\/#\/schema\/logo\/image\/\",\"url\":\"http:\/\/remaendustri.com\/wp-content\/uploads\/2023\/02\/cropped-remalogo.jpg\",\"contentUrl\":\"http:\/\/remaendustri.com\/wp-content\/uploads\/2023\/02\/cropped-remalogo.jpg\",\"width\":1600,\"height\":1599,\"caption\":\"http:\/\/remaendustri.com\/\"},\"image\":{\"@id\":\"https:\/\/remaendustri.com\/#\/schema\/logo\/image\/\"},\"sameAs\":[\"https:\/\/www.instagram.com\/rema.endustri\/\",\"https:\/\/www.trendyol.com\/magaza\/rema-endustri-ic-ve-dis-tic-ltd-sti-m-649742?sst=0\"]}]}<\/script>\n<!-- \/ Yoast SEO plugin. -->","yoast_head_json":{"title":"Bant ve Yap\u0131\u015ft\u0131r\u0131c\u0131lar -","robots":{"index":"index","follow":"follow","max-snippet":"max-snippet:-1","max-image-preview":"max-image-preview:large","max-video-preview":"max-video-preview:-1"},"canonical":"https:\/\/remaendustri.com\/?page_id=145","og_locale":"tr_TR","og_type":"article","og_title":"Bant ve Yap\u0131\u015ft\u0131r\u0131c\u0131lar -","og_description":"Kaliteli koli bant, \u00f6ncelikle g\u00fc\u00e7l\u00fc yap\u0131\u015ft\u0131rma \u00f6zelli\u011fi ile bilinmektedir. Bu \u00f6zellik ile ister evde, ister okulda, ister i\u015f yerinde kullan\u0131m i\u00e7in olsun hi\u00e7bir alanda g\u00fcc\u00fcnden taviz vermeyecektir. Bu kapsamda kaliteli bir koli band\u0131n\u0131n ilk \u00f6zelli\u011fi g\u00fc\u00e7l\u00fc yap\u0131\u015fkan\u0131 ile m\u00fckemmel tutunma sa\u011flamas\u0131 olarak s\u00f6ylenebilir. Koli band\u0131 \u00f6zelliklerine bak\u0131ld\u0131\u011f\u0131nda g\u00fc\u00e7l\u00fc PP ta\u015f\u0131y\u0131c\u0131s\u0131na sahip oldu\u011fu g\u00f6r\u00fclmektedir. PP ta\u015f\u0131y\u0131c\u0131 &hellip;","og_url":"https:\/\/remaendustri.com\/?page_id=145","article_modified_time":"2023-02-21T10:51:34+00:00","og_image":[{"url":"http:\/\/remaendustri.com\/wp-content\/uploads\/2023\/02\/guclu-bant-1024x1024.jpg"}],"twitter_card":"summary_large_image","twitter_misc":{"Tahmini okuma s\u00fcresi":"6 dakika"},"schema":{"@context":"https:\/\/schema.org","@graph":[{"@type":"WebPage","@id":"https:\/\/remaendustri.com\/?page_id=145","url":"https:\/\/remaendustri.com\/?page_id=145","name":"Bant ve Yap\u0131\u015ft\u0131r\u0131c\u0131lar -","isPartOf":{"@id":"https:\/\/remaendustri.com\/#website"},"datePublished":"2023-02-18T23:48:32+00:00","dateModified":"2023-02-21T10:51:34+00:00","breadcrumb":{"@id":"https:\/\/remaendustri.com\/?page_id=145#breadcrumb"},"inLanguage":"tr","potentialAction":[{"@type":"ReadAction","target":["https:\/\/remaendustri.com\/?page_id=145"]}]},{"@type":"BreadcrumbList","@id":"https:\/\/remaendustri.com\/?page_id=145#breadcrumb","itemListElement":[{"@type":"ListItem","position":1,"name":"Anasayfa","item":"https:\/\/remaendustri.com\/"},{"@type":"ListItem","position":2,"name":"Bant ve Yap\u0131\u015ft\u0131r\u0131c\u0131lar"}]},{"@type":"WebSite","@id":"https:\/\/remaendustri.com\/#website","url":"https:\/\/remaendustri.com\/","name":"http:\/\/remaendustri.com\/","description":"","publisher":{"@id":"https:\/\/remaendustri.com\/#organization"},"potentialAction":[{"@type":"SearchAction","target":{"@type":"EntryPoint","urlTemplate":"https:\/\/remaendustri.com\/?s={search_term_string}"},"query-input":"required name=search_term_string"}],"inLanguage":"tr"},{"@type":"Organization","@id":"https:\/\/remaendustri.com\/#organization","name":"http:\/\/remaendustri.com\/","url":"https:\/\/remaendustri.com\/","logo":{"@type":"ImageObject","inLanguage":"tr","@id":"https:\/\/remaendustri.com\/#\/schema\/logo\/image\/","url":"http:\/\/remaendustri.com\/wp-content\/uploads\/2023\/02\/cropped-remalogo.jpg","contentUrl":"http:\/\/remaendustri.com\/wp-content\/uploads\/2023\/02\/cropped-remalogo.jpg","width":1600,"height":1599,"caption":"http:\/\/remaendustri.com\/"},"image":{"@id":"https:\/\/remaendustri.com\/#\/schema\/logo\/image\/"},"sameAs":["https:\/\/www.instagram.com\/rema.endustri\/","https:\/\/www.trendyol.com\/magaza\/rema-endustri-ic-ve-dis-tic-ltd-sti-m-649742?sst=0"]}]}},"_links":{"self":[{"href":"https:\/\/remaendustri.com\/index.php?rest_route=\/wp\/v2\/pages\/145"}],"collection":[{"href":"https:\/\/remaendustri.com\/index.php?rest_route=\/wp\/v2\/pages"}],"about":[{"href":"https:\/\/remaendustri.com\/index.php?rest_route=\/wp\/v2\/types\/page"}],"author":[{"embeddable":true,"href":"https:\/\/remaendustri.com\/index.php?rest_route=\/wp\/v2\/users\/1"}],"replies":[{"embeddable":true,"href":"https:\/\/remaendustri.com\/index.php?rest_route=%2Fwp%2Fv2%2Fcomments&post=145"}],"version-history":[{"count":14,"href":"https:\/\/remaendustri.com\/index.php?rest_route=\/wp\/v2\/pages\/145\/revisions"}],"predecessor-version":[{"id":508,"href":"https:\/\/remaendustri.com\/index.php?rest_route=\/wp\/v2\/pages\/145\/revisions\/508"}],"wp:attachment":[{"href":"https:\/\/remaendustri.com\/index.php?rest_route=%2Fwp%2Fv2%2Fmedia&parent=145"}],"curies":[{"name":"wp","href":"https:\/\/api.w.org\/{rel}","templated":true}]}}